{"id":22,"date":"2024-09-02T15:27:06","date_gmt":"2024-09-02T13:27:06","guid":{"rendered":"https:\/\/hofvanmaldegem.nl\/?page_id=22"},"modified":"2024-10-27T19:46:18","modified_gmt":"2024-10-27T18:46:18","slug":"over-ons","status":"publish","type":"page","link":"https:\/\/hofvanmaldegem.nl\/de\/over-ons\/","title":{"rendered":"\u00dcber uns"},"content":{"rendered":"<div data-elementor-type=\"wp-page\" data-elementor-id=\"22\" class=\"elementor elementor-22\" data-elementor-post-type=\"page\">\n\t\t\t\t<div class=\"elementor-element elementor-element-dcd0113 e-con-full e-flex e-con e-parent\" data-id=\"dcd0113\" data-element_type=\"container\" data-settings=\"{&quot;background_background&quot;:&quot;classic&quot;}\">\n\t\t\t\t<div class=\"elementor-element elementor-element-540458b animated-slow elementor-invisible elementor-widget elementor-widget-heading\" data-id=\"540458b\" data-element_type=\"widget\" data-settings=\"{&quot;_animation&quot;:&quot;slideInUp&quot;}\" data-widget_type=\"heading.default\">\n\t\t\t\t<div class=\"elementor-widget-container\">\n\t\t\t<h2 class=\"elementor-heading-title elementor-size-default\">\u00dcber uns<\/h2>\t\t<\/div>\n\t\t\t\t<\/div>\n\t\t\t\t<\/div>\n\t\t<div class=\"elementor-element elementor-element-70857ea e-flex e-con-boxed e-con e-parent\" data-id=\"70857ea\" data-element_type=\"container\" data-settings=\"{&quot;background_background&quot;:&quot;classic&quot;}\">\n\t\t\t\t\t<div class=\"e-con-inner\">\n\t\t<div class=\"elementor-element elementor-element-1ef898e e-con-full e-flex e-con e-child\" data-id=\"1ef898e\" data-element_type=\"container\">\n\t\t\t\t<div class=\"elementor-element elementor-element-435a4c5 elementor-widget elementor-widget-heading\" data-id=\"435a4c5\" data-element_type=\"widget\" data-widget_type=\"heading.default\">\n\t\t\t\t<div class=\"elementor-widget-container\">\n\t\t\t<h2 class=\"elementor-heading-title elementor-size-default\">Willkommen auf  Hof van Maldegem<span style=\"background-color: var( --e-global-color-58c383c );color: var( --e-global-color-primary );font-family: var( --e-global-typography-primary-font-family ), Sans-serif;font-size: var( --e-global-typography-primary-font-size );font-weight: var( --e-global-typography-primary-font-weight );text-align: var(--text-align)\"><\/span><\/h2>\t\t<\/div>\n\t\t\t\t<\/div>\n\t\t\t\t<div class=\"elementor-element elementor-element-2fc050e elementor-widget elementor-widget-text-editor\" data-id=\"2fc050e\" data-element_type=\"widget\" data-widget_type=\"text-editor.default\">\n\t\t\t\t<div class=\"elementor-widget-container\">\n\t\t\t\t\t\t\t<p>Der Hof van Maldegem ist ein einzigartiges Urlaubsziel im sch\u00f6nen Zeeland, nur wenige Gehminuten vom 'Veerse Meer' entfernt und in der N\u00e4he des Nordseestrandes. Was einst als traditioneller Bauernhof begann, wurde nun in drei luxuri\u00f6se Ferienwohnungen umgewandelt, bei denen Komfort und ein wunderbares Urlaubserlebnis im Vordergrund stehen.<\/p>\t\t\t\t\t\t<\/div>\n\t\t\t\t<\/div>\n\t\t\t\t<\/div>\n\t\t\t\t\t<\/div>\n\t\t\t\t<\/div>\n\t\t<div class=\"elementor-element elementor-element-232ae62 elementor-hidden-mobile e-flex e-con-boxed e-con e-parent\" data-id=\"232ae62\" data-element_type=\"container\">\n\t\t\t\t\t<div class=\"e-con-inner\">\n\t\t<div class=\"elementor-element elementor-element-b1cce23 e-con-full e-flex e-con e-child\" data-id=\"b1cce23\" data-element_type=\"container\" data-settings=\"{&quot;background_background&quot;:&quot;classic&quot;}\">\n\t\t\t\t<div class=\"elementor-element elementor-element-f3021f8 elementor-widget elementor-widget-image\" data-id=\"f3021f8\" data-element_type=\"widget\" data-widget_type=\"image.default\">\n\t\t\t\t<div class=\"elementor-widget-container\">\n\t\t\t\t\t\t\t\t\t\t\t\t\t<img fetchpriority=\"high\" decoding=\"async\" width=\"768\" height=\"685\" src=\"https:\/\/hofvanmaldegem.nl\/wp-content\/uploads\/2024\/10\/WhatsApp-Image-2024-10-05-at-12.46.39-1-768x685.jpeg\" class=\"attachment-medium_large size-medium_large wp-image-1031\" alt=\"\" srcset=\"https:\/\/hofvanmaldegem.nl\/wp-content\/uploads\/2024\/10\/WhatsApp-Image-2024-10-05-at-12.46.39-1-768x685.jpeg 768w, https:\/\/hofvanmaldegem.nl\/wp-content\/uploads\/2024\/10\/WhatsApp-Image-2024-10-05-at-12.46.39-1-300x268.jpeg 300w, https:\/\/hofvanmaldegem.nl\/wp-content\/uploads\/2024\/10\/WhatsApp-Image-2024-10-05-at-12.46.39-1-1024x913.jpeg 1024w, https:\/\/hofvanmaldegem.nl\/wp-content\/uploads\/2024\/10\/WhatsApp-Image-2024-10-05-at-12.46.39-1.jpeg 1200w\" sizes=\"(max-width: 768px) 100vw, 768px\" \/>\t\t\t\t\t\t\t\t\t\t\t\t\t<\/div>\n\t\t\t\t<\/div>\n\t\t\t\t<\/div>\n\t\t<div class=\"elementor-element elementor-element-b1af194 e-con-full e-flex e-con e-child\" data-id=\"b1af194\" data-element_type=\"container\">\n\t\t\t\t<div class=\"elementor-element elementor-element-20396de elementor-widget elementor-widget-heading\" data-id=\"20396de\" data-element_type=\"widget\" data-widget_type=\"heading.default\">\n\t\t\t\t<div class=\"elementor-widget-container\">\n\t\t\t<h2 class=\"elementor-heading-title elementor-size-default\">Hans &amp; Hanni<\/h2>\t\t<\/div>\n\t\t\t\t<\/div>\n\t\t\t\t<div class=\"elementor-element elementor-element-8201a83 elementor-widget elementor-widget-text-editor\" data-id=\"8201a83\" data-element_type=\"widget\" data-widget_type=\"text-editor.default\">\n\t\t\t\t<div class=\"elementor-widget-container\">\n\t\t\t\t\t\t\t<p>Willkommen auf Hof van Maldegem! Wir, Hans und Hanni van Maldegem, sind die stolzen Besitzer dieser neuen Ferienwohnungen in Kortgene.\u00a0<\/p><p>\u00a0<\/p><p>Was einst als kleiner Bauernhof begann, hat sich zu einem gr\u00f6\u00dferen Betrieb mit Ackerbau und einer G\u00e4rtnerei mit Gartencenter und Tierladen entwickelt. Nach Jahren Freude an der Arbeit in den Gew\u00e4chsh\u00e4usern und auf den Feldern haben wir uns einen neuen Traum erf\u00fcllt: G\u00e4ste in unseren eigenen Ferienwohnungen zu empfangen.\u00a0<\/p><p>Wir haben eine der Scheunen zu Wohnungen umgebaut, in denen wir den authentischen Charakter des Bauernhauses mit allen modernen Einrichtungen von heute verbinden.\u00a0<\/p><p>\u00a0<\/p><p>Auf dem Hof van Maldegem bieten wir eine Oase der Ruhe, des Luxus und der Weite - so wie wir es in dieser sch\u00f6nen Gegend schon immer erlebt haben.<\/p><p>\u00a0<\/p><p>Wir k\u00f6nnen es kaum erwarten, Sie hier willkommen zu hei\u00dfen.\u00a0<span style=\"color: var( --e-global-color-text ); text-align: var(--text-align);\">Wir sehen uns hoffentlich bald in Kortgene!\u00a0<\/span><\/p><div>\u00a0<\/div>\t\t\t\t\t\t<\/div>\n\t\t\t\t<\/div>\n\t\t\t\t<\/div>\n\t\t\t\t\t<\/div>\n\t\t\t\t<\/div>\n\t\t<div class=\"elementor-element elementor-element-d1b7353 elementor-hidden-mobile e-flex e-con-boxed e-con e-parent\" data-id=\"d1b7353\" data-element_type=\"container\">\n\t\t\t\t\t<div class=\"e-con-inner\">\n\t\t<div class=\"elementor-element elementor-element-85cd195 e-con-full e-flex e-con e-child\" data-id=\"85cd195\" data-element_type=\"container\">\n\t\t\t\t<div class=\"elementor-element elementor-element-3081818 elementor-widget elementor-widget-heading\" data-id=\"3081818\" data-element_type=\"widget\" data-widget_type=\"heading.default\">\n\t\t\t\t<div class=\"elementor-widget-container\">\n\t\t\t<h2 class=\"elementor-heading-title elementor-size-default\">Ihr Zuhause<\/h2>\t\t<\/div>\n\t\t\t\t<\/div>\n\t\t\t\t<div class=\"elementor-element elementor-element-8c11b2d elementor-widget elementor-widget-text-editor\" data-id=\"8c11b2d\" data-element_type=\"widget\" data-widget_type=\"text-editor.default\">\n\t\t\t\t<div class=\"elementor-widget-container\">\n\t\t\t\t\t\t\t<p>Auf Hof van Maldegem m\u00f6chten wir, dass Sie sich wie zu Hause f\u00fchlen. Unsere Ferienwohnungen sind mit einem Auge f\u00fcr Komfort und Gem\u00fctlichkeit entworfen, so dass Sie Luxus genie\u00dfen und gleichzeitig die warme Atmosph\u00e4re von zu Hause erleben k\u00f6nnen. Vom ersten Schritt im Haus bis zum Entspannen auf der Terrasse ist alles auf Ihren Komfort und Ihre Entspannung ausgerichtet.<\/p>\t\t\t\t\t\t<\/div>\n\t\t\t\t<\/div>\n\t\t\t\t<\/div>\n\t\t<div class=\"elementor-element elementor-element-9f9d31c e-con-full e-flex e-con e-child\" data-id=\"9f9d31c\" data-element_type=\"container\" data-settings=\"{&quot;background_background&quot;:&quot;classic&quot;}\">\n\t\t\t\t<div class=\"elementor-element elementor-element-276fd0c elementor-widget elementor-widget-image\" data-id=\"276fd0c\" data-element_type=\"widget\" data-widget_type=\"image.default\">\n\t\t\t\t<div class=\"elementor-widget-container\">\n\t\t\t\t\t\t\t\t\t\t\t\t\t<img decoding=\"async\" width=\"800\" height=\"534\" src=\"https:\/\/hofvanmaldegem.nl\/wp-content\/uploads\/2024\/09\/Achterste-huisje-9-1024x683.jpg\" class=\"attachment-large size-large wp-image-140\" alt=\"\" srcset=\"https:\/\/hofvanmaldegem.nl\/wp-content\/uploads\/2024\/09\/Achterste-huisje-9-1024x683.jpg 1024w, https:\/\/hofvanmaldegem.nl\/wp-content\/uploads\/2024\/09\/Achterste-huisje-9-300x200.jpg 300w, https:\/\/hofvanmaldegem.nl\/wp-content\/uploads\/2024\/09\/Achterste-huisje-9-768x512.jpg 768w, https:\/\/hofvanmaldegem.nl\/wp-content\/uploads\/2024\/09\/Achterste-huisje-9-1536x1025.jpg 1536w, https:\/\/hofvanmaldegem.nl\/wp-content\/uploads\/2024\/09\/Achterste-huisje-9.jpg 1799w\" sizes=\"(max-width: 800px) 100vw, 800px\" \/>\t\t\t\t\t\t\t\t\t\t\t\t\t<\/div>\n\t\t\t\t<\/div>\n\t\t\t\t<\/div>\n\t\t\t\t\t<\/div>\n\t\t\t\t<\/div>\n\t\t<div class=\"elementor-element elementor-element-da31d70 elementor-hidden-mobile e-flex e-con-boxed e-con e-parent\" data-id=\"da31d70\" data-element_type=\"container\">\n\t\t\t\t\t<div class=\"e-con-inner\">\n\t\t<div class=\"elementor-element elementor-element-0810516 e-con-full e-flex e-con e-child\" data-id=\"0810516\" data-element_type=\"container\" data-settings=\"{&quot;background_background&quot;:&quot;classic&quot;}\">\n\t\t\t\t<div class=\"elementor-element elementor-element-9b78b69 elementor-widget elementor-widget-image\" data-id=\"9b78b69\" data-element_type=\"widget\" data-widget_type=\"image.default\">\n\t\t\t\t<div class=\"elementor-widget-container\">\n\t\t\t\t\t\t\t\t\t\t\t\t\t<img decoding=\"async\" width=\"800\" height=\"534\" src=\"https:\/\/hofvanmaldegem.nl\/wp-content\/uploads\/2024\/09\/Achterste-huisje-18-1024x683.jpg\" class=\"attachment-large size-large wp-image-149\" alt=\"\" srcset=\"https:\/\/hofvanmaldegem.nl\/wp-content\/uploads\/2024\/09\/Achterste-huisje-18-1024x683.jpg 1024w, https:\/\/hofvanmaldegem.nl\/wp-content\/uploads\/2024\/09\/Achterste-huisje-18-300x200.jpg 300w, https:\/\/hofvanmaldegem.nl\/wp-content\/uploads\/2024\/09\/Achterste-huisje-18-768x512.jpg 768w, https:\/\/hofvanmaldegem.nl\/wp-content\/uploads\/2024\/09\/Achterste-huisje-18-1536x1025.jpg 1536w, https:\/\/hofvanmaldegem.nl\/wp-content\/uploads\/2024\/09\/Achterste-huisje-18.jpg 1799w\" sizes=\"(max-width: 800px) 100vw, 800px\" \/>\t\t\t\t\t\t\t\t\t\t\t\t\t<\/div>\n\t\t\t\t<\/div>\n\t\t\t\t<\/div>\n\t\t<div class=\"elementor-element elementor-element-268aef6 e-con-full e-flex e-con e-child\" data-id=\"268aef6\" data-element_type=\"container\">\n\t\t\t\t<div class=\"elementor-element elementor-element-854f807 elementor-widget elementor-widget-heading\" data-id=\"854f807\" data-element_type=\"widget\" data-widget_type=\"heading.default\">\n\t\t\t\t<div class=\"elementor-widget-container\">\n\t\t\t<h2 class=\"elementor-heading-title elementor-size-default\">Unsere Geschichte<span style=\"color: var( --e-global-color-secondary );font-family: var( --e-global-typography-primary-font-family ), Sans-serif;font-size: var( --e-global-typography-primary-font-size );font-weight: var( --e-global-typography-primary-font-weight );text-align: var(--text-align)\"><\/span><\/h2>\t\t<\/div>\n\t\t\t\t<\/div>\n\t\t\t\t<div class=\"elementor-element elementor-element-de57bef elementor-widget elementor-widget-text-editor\" data-id=\"de57bef\" data-element_type=\"widget\" data-widget_type=\"text-editor.default\">\n\t\t\t\t<div class=\"elementor-widget-container\">\n\t\t\t\t\t\t\t<p>Das ehemalige Bauernhaus wurde liebevoll renoviert, um unseren G\u00e4sten einen unvergesslichen Urlaub zu bieten. Die Scheune wurde in drei moderne Ferienwohnungen umgewandelt, in denen der l\u00e4ndliche Charakter erhalten geblieben ist, aber mit einem modernen Touch versehen wurde. Unsere Leidenschaft f\u00fcr Gastfreundschaft und Natur kommt hier zusammen.<\/p>\t\t\t\t\t\t<\/div>\n\t\t\t\t<\/div>\n\t\t\t\t<\/div>\n\t\t\t\t\t<\/div>\n\t\t\t\t<\/div>\n\t\t<div class=\"elementor-element elementor-element-0de1d97 elementor-hidden-mobile e-flex e-con-boxed e-con e-parent\" data-id=\"0de1d97\" data-element_type=\"container\">\n\t\t\t\t\t<div class=\"e-con-inner\">\n\t\t<div class=\"elementor-element elementor-element-33c57cb e-con-full e-flex e-con e-child\" data-id=\"33c57cb\" data-element_type=\"container\">\n\t\t\t\t<div class=\"elementor-element elementor-element-545db03 elementor-widget elementor-widget-heading\" data-id=\"545db03\" data-element_type=\"widget\" data-widget_type=\"heading.default\">\n\t\t\t\t<div class=\"elementor-widget-container\">\n\t\t\t<h2 class=\"elementor-heading-title elementor-size-default\">Luxus &amp; Komfort<\/h2>\t\t<\/div>\n\t\t\t\t<\/div>\n\t\t\t\t<div class=\"elementor-element elementor-element-628f827 elementor-widget elementor-widget-text-editor\" data-id=\"628f827\" data-element_type=\"widget\" data-widget_type=\"text-editor.default\">\n\t\t\t\t<div class=\"elementor-widget-container\">\n\t\t\t\t\t\t\t<p>Alle Ferienwohnungen sind mit viel Liebe zum Detail eingerichtet und bieten die perfekte Mischung aus Luxus und Gem\u00fctlichkeit. Von einer voll ausgestatteten offenen K\u00fcche bis hin zu einem Badezimmer mit Regendusche finden Sie alles, was Sie f\u00fcr einen erholsamen Aufenthalt ben\u00f6tigen. Die m\u00f6blierte Terrasse mit Blick auf die Alpakawiese und die seel\u00e4ndische Landschaft sorgt f\u00fcr ein echtes Outdoor-Feeling.<\/p>\t\t\t\t\t\t<\/div>\n\t\t\t\t<\/div>\n\t\t\t\t<\/div>\n\t\t<div class=\"elementor-element elementor-element-2d159c4 e-con-full e-flex e-con e-child\" data-id=\"2d159c4\" data-element_type=\"container\" data-settings=\"{&quot;background_background&quot;:&quot;classic&quot;}\">\n\t\t\t\t<div class=\"elementor-element elementor-element-21e27cd elementor-widget elementor-widget-image\" data-id=\"21e27cd\" data-element_type=\"widget\" data-widget_type=\"image.default\">\n\t\t\t\t<div class=\"elementor-widget-container\">\n\t\t\t\t\t\t\t\t\t\t\t\t\t<img loading=\"lazy\" decoding=\"async\" width=\"800\" height=\"534\" src=\"https:\/\/hofvanmaldegem.nl\/wp-content\/uploads\/2024\/09\/Eerste-huisje-15-1024x683.jpg\" class=\"attachment-large size-large wp-image-165\" alt=\"\" srcset=\"https:\/\/hofvanmaldegem.nl\/wp-content\/uploads\/2024\/09\/Eerste-huisje-15-1024x683.jpg 1024w, https:\/\/hofvanmaldegem.nl\/wp-content\/uploads\/2024\/09\/Eerste-huisje-15-300x200.jpg 300w, https:\/\/hofvanmaldegem.nl\/wp-content\/uploads\/2024\/09\/Eerste-huisje-15-768x512.jpg 768w, https:\/\/hofvanmaldegem.nl\/wp-content\/uploads\/2024\/09\/Eerste-huisje-15-1536x1025.jpg 1536w, https:\/\/hofvanmaldegem.nl\/wp-content\/uploads\/2024\/09\/Eerste-huisje-15.jpg 1799w\" sizes=\"(max-width: 800px) 100vw, 800px\" \/>\t\t\t\t\t\t\t\t\t\t\t\t\t<\/div>\n\t\t\t\t<\/div>\n\t\t\t\t<\/div>\n\t\t\t\t\t<\/div>\n\t\t\t\t<\/div>\n\t\t<div class=\"elementor-element elementor-element-e1143df elementor-hidden-mobile e-flex e-con-boxed e-con e-parent\" data-id=\"e1143df\" data-element_type=\"container\">\n\t\t\t\t\t<div class=\"e-con-inner\">\n\t\t<div class=\"elementor-element elementor-element-359e986 e-con-full e-flex e-con e-child\" data-id=\"359e986\" data-element_type=\"container\" data-settings=\"{&quot;background_background&quot;:&quot;classic&quot;}\">\n\t\t\t\t<div class=\"elementor-element elementor-element-3b4c09d elementor-widget elementor-widget-image\" data-id=\"3b4c09d\" data-element_type=\"widget\" data-widget_type=\"image.default\">\n\t\t\t\t<div class=\"elementor-widget-container\">\n\t\t\t\t\t\t\t\t\t\t\t\t\t<img loading=\"lazy\" decoding=\"async\" width=\"800\" height=\"534\" src=\"https:\/\/hofvanmaldegem.nl\/wp-content\/uploads\/2024\/09\/Middelste-huisje-8-1024x683.jpg\" class=\"attachment-large size-large wp-image-174\" alt=\"\" srcset=\"https:\/\/hofvanmaldegem.nl\/wp-content\/uploads\/2024\/09\/Middelste-huisje-8-1024x683.jpg 1024w, https:\/\/hofvanmaldegem.nl\/wp-content\/uploads\/2024\/09\/Middelste-huisje-8-300x200.jpg 300w, https:\/\/hofvanmaldegem.nl\/wp-content\/uploads\/2024\/09\/Middelste-huisje-8-768x512.jpg 768w, https:\/\/hofvanmaldegem.nl\/wp-content\/uploads\/2024\/09\/Middelste-huisje-8-1536x1025.jpg 1536w, https:\/\/hofvanmaldegem.nl\/wp-content\/uploads\/2024\/09\/Middelste-huisje-8.jpg 1799w\" sizes=\"(max-width: 800px) 100vw, 800px\" \/>\t\t\t\t\t\t\t\t\t\t\t\t\t<\/div>\n\t\t\t\t<\/div>\n\t\t\t\t<\/div>\n\t\t<div class=\"elementor-element elementor-element-407e2a9 e-con-full e-flex e-con e-child\" data-id=\"407e2a9\" data-element_type=\"container\">\n\t\t\t\t<div class=\"elementor-element elementor-element-efae932 elementor-widget elementor-widget-heading\" data-id=\"efae932\" data-element_type=\"widget\" data-widget_type=\"heading.default\">\n\t\t\t\t<div class=\"elementor-widget-container\">\n\t\t\t<h2 class=\"elementor-heading-title elementor-size-default\">Umweltfreundlicher Urlaub<span style=\"color: var( --e-global-color-secondary );font-family: var( --e-global-typography-primary-font-family ), Sans-serif;font-size: var( --e-global-typography-primary-font-size );font-weight: var( --e-global-typography-primary-font-weight );text-align: var(--text-align)\"><\/span><\/h2>\t\t<\/div>\n\t\t\t\t<\/div>\n\t\t\t\t<div class=\"elementor-element elementor-element-84a0945 elementor-widget elementor-widget-text-editor\" data-id=\"84a0945\" data-element_type=\"widget\" data-widget_type=\"text-editor.default\">\n\t\t\t\t<div class=\"elementor-widget-container\">\n\t\t\t\t\t\t\t<p>Umweltfreundlichkeit ist ein wichtiger Teil unserer Vision. Unsere Ferienwohnungen sind v\u00f6llig gasfrei und werden mit Solarenergie betrieben, die in einer Wasserbatterie gespeichert wird. So genie\u00dfen Sie Komfort und leisten gleichzeitig einen Beitrag zu einer besseren Umwelt.<\/p>\t\t\t\t\t\t<\/div>\n\t\t\t\t<\/div>\n\t\t\t\t<\/div>\n\t\t\t\t\t<\/div>\n\t\t\t\t<\/div>\n\t\t<div class=\"elementor-element elementor-element-44a2b49 elementor-hidden-mobile e-flex e-con-boxed e-con e-parent\" data-id=\"44a2b49\" data-element_type=\"container\">\n\t\t\t\t\t<div class=\"e-con-inner\">\n\t\t<div class=\"elementor-element elementor-element-0672be2 e-con-full e-flex e-con e-child\" data-id=\"0672be2\" data-element_type=\"container\">\n\t\t\t\t<div class=\"elementor-element elementor-element-f8874b7 elementor-widget elementor-widget-heading\" data-id=\"f8874b7\" data-element_type=\"widget\" data-widget_type=\"heading.default\">\n\t\t\t\t<div class=\"elementor-widget-container\">\n\t\t\t<h2 class=\"elementor-heading-title elementor-size-default\">Was k\u00f6nnen Sie erwarten?<\/h2>\t\t<\/div>\n\t\t\t\t<\/div>\n\t\t\t\t<div class=\"elementor-element elementor-element-593faf4 elementor-widget elementor-widget-text-editor\" data-id=\"593faf4\" data-element_type=\"widget\" data-widget_type=\"text-editor.default\">\n\t\t\t\t<div class=\"elementor-widget-container\">\n\t\t\t\t\t\t\t<p>Auf dem Hof van Maldegem sind wir bereit, Ihren Aufenthalt unvergesslich zu machen. Egal, ob Sie sich entspannen, die Natur erkunden oder aktiv sein m\u00f6chten, wir sorgen f\u00fcr ein unbeschwertes Erlebnis. Unser Ziel ist es, dass Sie sich wie zu Hause f\u00fchlen, damit Sie mit sch\u00f6nen Erinnerungen nach Hause gehen.<\/p>\t\t\t\t\t\t<\/div>\n\t\t\t\t<\/div>\n\t\t\t\t<\/div>\n\t\t<div class=\"elementor-element elementor-element-f57b78a e-con-full e-flex e-con e-child\" data-id=\"f57b78a\" data-element_type=\"container\" data-settings=\"{&quot;background_background&quot;:&quot;classic&quot;}\">\n\t\t\t\t<div class=\"elementor-element elementor-element-797e79a elementor-widget elementor-widget-image\" data-id=\"797e79a\" data-element_type=\"widget\" data-widget_type=\"image.default\">\n\t\t\t\t<div class=\"elementor-widget-container\">\n\t\t\t\t\t\t\t\t\t\t\t\t\t<img loading=\"lazy\" decoding=\"async\" width=\"800\" height=\"534\" src=\"https:\/\/hofvanmaldegem.nl\/wp-content\/uploads\/2024\/09\/Eerste-huisje-11-1024x683.jpg\" class=\"attachment-large size-large wp-image-161\" alt=\"\" srcset=\"https:\/\/hofvanmaldegem.nl\/wp-content\/uploads\/2024\/09\/Eerste-huisje-11-1024x683.jpg 1024w, https:\/\/hofvanmaldegem.nl\/wp-content\/uploads\/2024\/09\/Eerste-huisje-11-300x200.jpg 300w, https:\/\/hofvanmaldegem.nl\/wp-content\/uploads\/2024\/09\/Eerste-huisje-11-768x512.jpg 768w, https:\/\/hofvanmaldegem.nl\/wp-content\/uploads\/2024\/09\/Eerste-huisje-11-1536x1025.jpg 1536w, https:\/\/hofvanmaldegem.nl\/wp-content\/uploads\/2024\/09\/Eerste-huisje-11.jpg 1799w\" sizes=\"(max-width: 800px) 100vw, 800px\" \/>\t\t\t\t\t\t\t\t\t\t\t\t\t<\/div>\n\t\t\t\t<\/div>\n\t\t\t\t<\/div>\n\t\t\t\t\t<\/div>\n\t\t\t\t<\/div>\n\t\t<div class=\"elementor-element elementor-element-ece2394 elementor-hidden-mobile e-flex e-con-boxed e-con e-parent\" data-id=\"ece2394\" data-element_type=\"container\">\n\t\t\t\t\t<div class=\"e-con-inner\">\n\t\t<div class=\"elementor-element elementor-element-78b67c5 e-con-full e-flex e-con e-child\" data-id=\"78b67c5\" data-element_type=\"container\" data-settings=\"{&quot;background_background&quot;:&quot;classic&quot;}\">\n\t\t\t\t<div class=\"elementor-element elementor-element-39af9b5 elementor-widget elementor-widget-image\" data-id=\"39af9b5\" data-element_type=\"widget\" data-widget_type=\"image.default\">\n\t\t\t\t<div class=\"elementor-widget-container\">\n\t\t\t\t\t\t\t\t\t\t\t\t\t<img loading=\"lazy\" decoding=\"async\" width=\"800\" height=\"534\" src=\"https:\/\/hofvanmaldegem.nl\/wp-content\/uploads\/2024\/09\/Achterste-huisje-14-1024x683.jpg\" class=\"attachment-large size-large wp-image-145\" alt=\"\" srcset=\"https:\/\/hofvanmaldegem.nl\/wp-content\/uploads\/2024\/09\/Achterste-huisje-14-1024x683.jpg 1024w, https:\/\/hofvanmaldegem.nl\/wp-content\/uploads\/2024\/09\/Achterste-huisje-14-300x200.jpg 300w, https:\/\/hofvanmaldegem.nl\/wp-content\/uploads\/2024\/09\/Achterste-huisje-14-768x512.jpg 768w, https:\/\/hofvanmaldegem.nl\/wp-content\/uploads\/2024\/09\/Achterste-huisje-14-1536x1025.jpg 1536w, https:\/\/hofvanmaldegem.nl\/wp-content\/uploads\/2024\/09\/Achterste-huisje-14.jpg 1799w\" sizes=\"(max-width: 800px) 100vw, 800px\" \/>\t\t\t\t\t\t\t\t\t\t\t\t\t<\/div>\n\t\t\t\t<\/div>\n\t\t\t\t<\/div>\n\t\t<div class=\"elementor-element elementor-element-32183ee e-con-full e-flex e-con e-child\" data-id=\"32183ee\" data-element_type=\"container\">\n\t\t\t\t<div class=\"elementor-element elementor-element-0aded00 elementor-widget elementor-widget-heading\" data-id=\"0aded00\" data-element_type=\"widget\" data-widget_type=\"heading.default\">\n\t\t\t\t<div class=\"elementor-widget-container\">\n\t\t\t<h2 class=\"elementor-heading-title elementor-size-default\">Gesprochene Sprachen<\/h2>\t\t<\/div>\n\t\t\t\t<\/div>\n\t\t\t\t<div class=\"elementor-element elementor-element-59ffc0c elementor-widget elementor-widget-text-editor\" data-id=\"59ffc0c\" data-element_type=\"widget\" data-widget_type=\"text-editor.default\">\n\t\t\t\t<div class=\"elementor-widget-container\">\n\t\t\t\t\t\t\t<p>Wir sprechen Niederl\u00e4ndisch, Englisch, Deutsch, Franz\u00f6sisch, Italienisch und Schweizerdeutsch, so dass wir Sie in Ihrer eigenen Sprache begr\u00fc\u00dfen k\u00f6nnen.<\/p>\t\t\t\t\t\t<\/div>\n\t\t\t\t<\/div>\n\t\t\t\t<\/div>\n\t\t\t\t\t<\/div>\n\t\t\t\t<\/div>\n\t\t<div class=\"elementor-element elementor-element-c83a611 elementor-hidden-tablet elementor-hidden-mobile e-flex e-con-boxed e-con e-parent\" data-id=\"c83a611\" data-element_type=\"container\" data-settings=\"{&quot;background_background&quot;:&quot;classic&quot;}\">\n\t\t\t\t\t<div class=\"e-con-inner\">\n\t\t<div class=\"elementor-element elementor-element-2d66be5 e-con-full e-flex e-con e-child\" data-id=\"2d66be5\" data-element_type=\"container\" data-settings=\"{&quot;background_background&quot;:&quot;classic&quot;}\">\n\t\t\t\t<div class=\"elementor-element elementor-element-3a7de3b elementor-widget elementor-widget-heading\" data-id=\"3a7de3b\" data-element_type=\"widget\" data-widget_type=\"heading.default\">\n\t\t\t\t<div class=\"elementor-widget-container\">\n\t\t\t<h2 class=\"elementor-heading-title elementor-size-default\">Was macht uns einzigartig?<\/h2>\t\t<\/div>\n\t\t\t\t<\/div>\n\t\t\t\t<div class=\"elementor-element elementor-element-1a71d81 elementor-widget__width-inherit elementor-widget elementor-widget-text-editor\" data-id=\"1a71d81\" data-element_type=\"widget\" data-widget_type=\"text-editor.default\">\n\t\t\t\t<div class=\"elementor-widget-container\">\n\t\t\t\t\t\t\t<p>Auf dem Hof van Maldegem verbinden wir Luxus und nat\u00fcrliche Sch\u00f6nheit auf eine Weise, die Sie nirgendwo anders finden werden. Unser Fokus liegt nicht nur auf einem komfortablen Aufenthalt, sondern auch auf Umweltfreundlichkeit und einer tiefen Verbundenheit mit der Natur. Entdecken Sie hier, was uns wirklich besonders macht!<\/p>\t\t\t\t\t\t<\/div>\n\t\t\t\t<\/div>\n\t\t\t\t<\/div>\n\t\t<div class=\"elementor-element elementor-element-3d256ca e-con-full e-flex e-con e-child\" data-id=\"3d256ca\" data-element_type=\"container\">\n\t\t\t\t<div class=\"elementor-element elementor-element-cff28e5 elementor-flip-box--effect-flip elementor-flip-box--direction-up elementor-widget elementor-widget-flip-box\" data-id=\"cff28e5\" data-element_type=\"widget\" data-widget_type=\"flip-box.default\">\n\t\t\t\t<div class=\"elementor-widget-container\">\n\t\t\t\t\t<div class=\"elementor-flip-box\" tabindex=\"0\">\n\t\t\t<div class=\"elementor-flip-box__layer elementor-flip-box__front\">\n\t\t\t\t<div class=\"elementor-flip-box__layer__overlay\">\n\t\t\t\t\t<div class=\"elementor-flip-box__layer__inner\">\n\t\t\t\t\t\t\t\t\t\t\t\t\t<div class=\"elementor-icon-wrapper elementor-view-default\">\n\t\t\t\t\t\t\t\t<div class=\"elementor-icon\">\n\t\t\t\t\t\t\t\t\t<svg class=\"e-font-icon-svg e-fas-recycle\" viewbox=\"0 0 512 512\" xmlns=\"http:\/\/www.w3.org\/2000\/svg\"><path d=\"M184.561 261.903c3.232 13.997-12.123 24.635-24.068 17.168l-40.736-25.455-50.867 81.402C55.606 356.273 70.96 384 96.012 384H148c6.627 0 12 5.373 12 12v40c0 6.627-5.373 12-12 12H96.115c-75.334 0-121.302-83.048-81.408-146.88l50.822-81.388-40.725-25.448c-12.081-7.547-8.966-25.961 4.879-29.158l110.237-25.45c8.611-1.988 17.201 3.381 19.189 11.99l25.452 110.237zm98.561-182.915l41.289 66.076-40.74 25.457c-12.051 7.528-9 25.953 4.879 29.158l110.237 25.45c8.672 1.999 17.215-3.438 19.189-11.99l25.45-110.237c3.197-13.844-11.99-24.719-24.068-17.168l-40.687 25.424-41.263-66.082c-37.521-60.033-125.209-60.171-162.816 0l-17.963 28.766c-3.51 5.62-1.8 13.021 3.82 16.533l33.919 21.195c5.62 3.512 13.024 1.803 16.536-3.817l17.961-28.743c12.712-20.341 41.973-19.676 54.257-.022zM497.288 301.12l-27.515-44.065c-3.511-5.623-10.916-7.334-16.538-3.821l-33.861 21.159c-5.62 3.512-7.33 10.915-3.818 16.536l27.564 44.112c13.257 21.211-2.057 48.96-27.136 48.96H320V336.02c0-14.213-17.242-21.383-27.313-11.313l-80 79.981c-6.249 6.248-6.249 16.379 0 22.627l80 79.989C302.689 517.308 320 510.3 320 495.989V448h95.88c75.274 0 121.335-82.997 81.408-146.88z\"><\/path><\/svg>\t\t\t\t\t\t\t\t<\/div>\n\t\t\t\t\t\t\t<\/div>\n\t\t\t\t\t\t\n\t\t\t\t\t\t\t\t\t\t\t\t\t<h3 class=\"elementor-flip-box__layer__title\">\n\t\t\t\t\t\t\t\tUmwelt\t\t\t\t\t\t\t<\/h3>\n\t\t\t\t\t\t\n\t\t\t\t\t\t\t\t\t\t\t\t\t<div class=\"elementor-flip-box__layer__description\">\n\t\t\t\t\t\t\t\tErfahren Sie, wie wir zu einem umweltfreundlichen Urlaub beitragen.\t\t\t\t\t\t\t<\/div>\n\t\t\t\t\t\t\t\t\t\t\t<\/div>\n\t\t\t\t<\/div>\n\t\t\t<\/div>\n\t\t\t<div class=\"elementor-flip-box__layer elementor-flip-box__back\">\n\t\t\t<div class=\"elementor-flip-box__layer__overlay\">\n\t\t\t\t<div class=\"elementor-flip-box__layer__inner\">\n\t\t\t\t\t\t\t\t\t\t\t<h3 class=\"elementor-flip-box__layer__title\">\n\t\t\t\t\t\t\tUmwelt\t\t\t\t\t\t<\/h3>\n\t\t\t\t\t\n\t\t\t\t\t\t\t\t\t\t\t<div class=\"elementor-flip-box__layer__description\">\n\t\t\t\t\t\t\tAuf Hof van Maldegem entscheiden wir uns bewusst f\u00fcr einen umweltfreundlichen Urlaub. Unsere Wohnungen sind gasfrei und werden ausschlie\u00dflich mit Solarenergie betrieben. So genie\u00dfen Sie Luxus, ohne den Planeten zu belasten.\t\t\t\t\t\t<\/div>\n\t\t\t\t\t\n\t\t\t\t\t\t\t\t<\/div>\n\t\t<\/div>\n\t\t<\/div>\n\t\t<\/div>\n\t\t\t\t<\/div>\n\t\t\t\t<\/div>\n\t\t\t\t<div class=\"elementor-element elementor-element-ffa5fdc elementor-flip-box--effect-flip elementor-flip-box--direction-up elementor-widget elementor-widget-flip-box\" data-id=\"ffa5fdc\" data-element_type=\"widget\" data-widget_type=\"flip-box.default\">\n\t\t\t\t<div class=\"elementor-widget-container\">\n\t\t\t\t\t<div class=\"elementor-flip-box\" tabindex=\"0\">\n\t\t\t<div class=\"elementor-flip-box__layer elementor-flip-box__front\">\n\t\t\t\t<div class=\"elementor-flip-box__layer__overlay\">\n\t\t\t\t\t<div class=\"elementor-flip-box__layer__inner\">\n\t\t\t\t\t\t\t\t\t\t\t\t\t<div class=\"elementor-icon-wrapper elementor-view-default\">\n\t\t\t\t\t\t\t\t<div class=\"elementor-icon\">\n\t\t\t\t\t\t\t\t\t<svg class=\"e-font-icon-svg e-fas-couch\" viewbox=\"0 0 640 512\" xmlns=\"http:\/\/www.w3.org\/2000\/svg\"><path d=\"M160 224v64h320v-64c0-35.3 28.7-64 64-64h32c0-53-43-96-96-96H160c-53 0-96 43-96 96h32c35.3 0 64 28.7 64 64zm416-32h-32c-17.7 0-32 14.3-32 32v96H128v-96c0-17.7-14.3-32-32-32H64c-35.3 0-64 28.7-64 64 0 23.6 13 44 32 55.1V432c0 8.8 7.2 16 16 16h64c8.8 0 16-7.2 16-16v-16h384v16c0 8.8 7.2 16 16 16h64c8.8 0 16-7.2 16-16V311.1c19-11.1 32-31.5 32-55.1 0-35.3-28.7-64-64-64z\"><\/path><\/svg>\t\t\t\t\t\t\t\t<\/div>\n\t\t\t\t\t\t\t<\/div>\n\t\t\t\t\t\t\n\t\t\t\t\t\t\t\t\t\t\t\t\t<h3 class=\"elementor-flip-box__layer__title\">\n\t\t\t\t\t\t\t\tKomfort\t\t\t\t\t\t\t<\/h3>\n\t\t\t\t\t\t\n\t\t\t\t\t\t\t\t\t\t\t\t\t<div class=\"elementor-flip-box__layer__description\">\n\t\t\t\t\t\t\t\tEntdecken Sie den Komfort von Hof van Maldegem.\t\t\t\t\t\t\t<\/div>\n\t\t\t\t\t\t\t\t\t\t\t<\/div>\n\t\t\t\t<\/div>\n\t\t\t<\/div>\n\t\t\t<div class=\"elementor-flip-box__layer elementor-flip-box__back\">\n\t\t\t<div class=\"elementor-flip-box__layer__overlay\">\n\t\t\t\t<div class=\"elementor-flip-box__layer__inner\">\n\t\t\t\t\t\t\t\t\t\t\t<h3 class=\"elementor-flip-box__layer__title\">\n\t\t\t\t\t\t\tKomfort\t\t\t\t\t\t<\/h3>\n\t\t\t\t\t\n\t\t\t\t\t\t\t\t\t\t\t<div class=\"elementor-flip-box__layer__description\">\n\t\t\t\t\t\t\tJede Ferienwohnung bietet eine perfekte Mischung aus Luxus und Gem\u00fctlichkeit. Von einer voll ausgestatteten K\u00fcche \u00fcber eine Regendusche bis hin zu einer m\u00f6blierten Terrasse mit Aussicht - hier werden Sie sich wie zu Hause f\u00fchlen.\t\t\t\t\t\t<\/div>\n\t\t\t\t\t\n\t\t\t\t\t\t\t\t<\/div>\n\t\t<\/div>\n\t\t<\/div>\n\t\t<\/div>\n\t\t\t\t<\/div>\n\t\t\t\t<\/div>\n\t\t\t\t<div class=\"elementor-element elementor-element-4ac82a9 elementor-flip-box--effect-flip elementor-flip-box--direction-up elementor-widget elementor-widget-flip-box\" data-id=\"4ac82a9\" data-element_type=\"widget\" data-widget_type=\"flip-box.default\">\n\t\t\t\t<div class=\"elementor-widget-container\">\n\t\t\t\t\t<div class=\"elementor-flip-box\" tabindex=\"0\">\n\t\t\t<div class=\"elementor-flip-box__layer elementor-flip-box__front\">\n\t\t\t\t<div class=\"elementor-flip-box__layer__overlay\">\n\t\t\t\t\t<div class=\"elementor-flip-box__layer__inner\">\n\t\t\t\t\t\t\t\t\t\t\t\t\t<div class=\"elementor-icon-wrapper elementor-view-default\">\n\t\t\t\t\t\t\t\t<div class=\"elementor-icon\">\n\t\t\t\t\t\t\t\t\t<svg class=\"e-font-icon-svg e-fab-canadian-maple-leaf\" viewbox=\"0 0 512 512\" xmlns=\"http:\/\/www.w3.org\/2000\/svg\"><path d=\"M383.8 351.7c2.5-2.5 105.2-92.4 105.2-92.4l-17.5-7.5c-10-4.9-7.4-11.5-5-17.4 2.4-7.6 20.1-67.3 20.1-67.3s-47.7 10-57.7 12.5c-7.5 2.4-10-2.5-12.5-7.5s-15-32.4-15-32.4-52.6 59.9-55.1 62.3c-10 7.5-20.1 0-17.6-10 0-10 27.6-129.6 27.6-129.6s-30.1 17.4-40.1 22.4c-7.5 5-12.6 5-17.6-5C293.5 72.3 255.9 0 255.9 0s-37.5 72.3-42.5 79.8c-5 10-10 10-17.6 5-10-5-40.1-22.4-40.1-22.4S183.3 182 183.3 192c2.5 10-7.5 17.5-17.6 10-2.5-2.5-55.1-62.3-55.1-62.3S98.1 167 95.6 172s-5 9.9-12.5 7.5C73 177 25.4 167 25.4 167s17.6 59.7 20.1 67.3c2.4 6 5 12.5-5 17.4L23 259.3s102.6 89.9 105.2 92.4c5.1 5 10 7.5 5.1 22.5-5.1 15-10.1 35.1-10.1 35.1s95.2-20.1 105.3-22.6c8.7-.9 18.3 2.5 18.3 12.5S241 512 241 512h30s-5.8-102.7-5.8-112.8 9.5-13.4 18.4-12.5c10 2.5 105.2 22.6 105.2 22.6s-5-20.1-10-35.1 0-17.5 5-22.5z\"><\/path><\/svg>\t\t\t\t\t\t\t\t<\/div>\n\t\t\t\t\t\t\t<\/div>\n\t\t\t\t\t\t\n\t\t\t\t\t\t\t\t\t\t\t\t\t<h3 class=\"elementor-flip-box__layer__title\">\n\t\t\t\t\t\t\t\tNatur\t\t\t\t\t\t\t<\/h3>\n\t\t\t\t\t\t\n\t\t\t\t\t\t\t\t\t\t\t\t\t<div class=\"elementor-flip-box__layer__description\">\n\t\t\t\t\t\t\t\tErfahren Sie mehr \u00fcber die sch\u00f6ne Natur rund um die Unterkunft.\t\t\t\t\t\t\t<\/div>\n\t\t\t\t\t\t\t\t\t\t\t<\/div>\n\t\t\t\t<\/div>\n\t\t\t<\/div>\n\t\t\t<div class=\"elementor-flip-box__layer elementor-flip-box__back\">\n\t\t\t<div class=\"elementor-flip-box__layer__overlay\">\n\t\t\t\t<div class=\"elementor-flip-box__layer__inner\">\n\t\t\t\t\t\t\t\t\t\t\t<h3 class=\"elementor-flip-box__layer__title\">\n\t\t\t\t\t\t\tNatur\t\t\t\t\t\t<\/h3>\n\t\t\t\t\t\n\t\t\t\t\t\t\t\t\t\t\t<div class=\"elementor-flip-box__layer__description\">\n\t\t\t\t\t\t\tUmgeben von gr\u00fcnen Wiesen, Alpakas und in der N\u00e4he von dem 'Veerse Meer' genie\u00dfen Sie bei uns Ruhe und Erholung. Entspannen Sie sich und entdecken Sie die Natur von ihrer besten Seite!\t\t\t\t\t\t<\/div>\n\t\t\t\t\t\n\t\t\t\t\t\t\t\t<\/div>\n\t\t<\/div>\n\t\t<\/div>\n\t\t<\/div>\n\t\t\t\t<\/div>\n\t\t\t\t<\/div>\n\t\t\t\t<\/div>\n\t\t\t\t\t<\/div>\n\t\t\t\t<\/div>\n\t\t<div class=\"elementor-element elementor-element-f5cec2b elementor-hidden-desktop elementor-hidden-tablet elementor-hidden-mobile e-flex e-con-boxed e-con e-parent\" data-id=\"f5cec2b\" data-element_type=\"container\" data-settings=\"{&quot;background_background&quot;:&quot;classic&quot;}\">\n\t\t\t\t\t<div class=\"e-con-inner\">\n\t\t<div class=\"elementor-element elementor-element-c64b336 e-con-full e-flex e-con e-child\" data-id=\"c64b336\" data-element_type=\"container\" data-settings=\"{&quot;background_background&quot;:&quot;classic&quot;}\">\n\t\t\t\t<div class=\"elementor-element elementor-element-26d5b62 elementor-widget elementor-widget-heading\" data-id=\"26d5b62\" data-element_type=\"widget\" data-widget_type=\"heading.default\">\n\t\t\t\t<div class=\"elementor-widget-container\">\n\t\t\t<h2 class=\"elementor-heading-title elementor-size-default\">Was macht uns einzigartig?<\/h2>\t\t<\/div>\n\t\t\t\t<\/div>\n\t\t\t\t<div class=\"elementor-element elementor-element-f41b22d elementor-widget elementor-widget-text-editor\" data-id=\"f41b22d\" data-element_type=\"widget\" data-widget_type=\"text-editor.default\">\n\t\t\t\t<div class=\"elementor-widget-container\">\n\t\t\t\t\t\t\t<p><span style=\"text-align: center;\">Auf dem Hof van Maldegem verbinden wir Luxus und nat\u00fcrliche Sch\u00f6nheit auf eine Weise, die Sie nirgendwo anders finden werden. Unser Fokus liegt nicht nur auf einem komfortablen Aufenthalt, sondern auch auf Umweltfreundlichkeit und einer tiefen Verbundenheit mit der Natur. Entdecken Sie hier, was uns wirklich besonders macht!<\/span><br><\/p>\t\t\t\t\t\t<\/div>\n\t\t\t\t<\/div>\n\t\t\t\t<\/div>\n\t\t<div class=\"elementor-element elementor-element-94aa690 e-con-full e-flex e-con e-child\" data-id=\"94aa690\" data-element_type=\"container\">\n\t\t\t\t<div class=\"elementor-element elementor-element-a25fc60 elementor-flip-box--effect-flip elementor-flip-box--direction-up elementor-widget elementor-widget-flip-box\" data-id=\"a25fc60\" data-element_type=\"widget\" data-widget_type=\"flip-box.default\">\n\t\t\t\t<div class=\"elementor-widget-container\">\n\t\t\t\t\t<div class=\"elementor-flip-box\" tabindex=\"0\">\n\t\t\t<div class=\"elementor-flip-box__layer elementor-flip-box__front\">\n\t\t\t\t<div class=\"elementor-flip-box__layer__overlay\">\n\t\t\t\t\t<div class=\"elementor-flip-box__layer__inner\">\n\t\t\t\t\t\t\t\t\t\t\t\t\t<div class=\"elementor-icon-wrapper elementor-view-default\">\n\t\t\t\t\t\t\t\t<div class=\"elementor-icon\">\n\t\t\t\t\t\t\t\t\t<svg class=\"e-font-icon-svg e-fas-recycle\" viewbox=\"0 0 512 512\" xmlns=\"http:\/\/www.w3.org\/2000\/svg\"><path d=\"M184.561 261.903c3.232 13.997-12.123 24.635-24.068 17.168l-40.736-25.455-50.867 81.402C55.606 356.273 70.96 384 96.012 384H148c6.627 0 12 5.373 12 12v40c0 6.627-5.373 12-12 12H96.115c-75.334 0-121.302-83.048-81.408-146.88l50.822-81.388-40.725-25.448c-12.081-7.547-8.966-25.961 4.879-29.158l110.237-25.45c8.611-1.988 17.201 3.381 19.189 11.99l25.452 110.237zm98.561-182.915l41.289 66.076-40.74 25.457c-12.051 7.528-9 25.953 4.879 29.158l110.237 25.45c8.672 1.999 17.215-3.438 19.189-11.99l25.45-110.237c3.197-13.844-11.99-24.719-24.068-17.168l-40.687 25.424-41.263-66.082c-37.521-60.033-125.209-60.171-162.816 0l-17.963 28.766c-3.51 5.62-1.8 13.021 3.82 16.533l33.919 21.195c5.62 3.512 13.024 1.803 16.536-3.817l17.961-28.743c12.712-20.341 41.973-19.676 54.257-.022zM497.288 301.12l-27.515-44.065c-3.511-5.623-10.916-7.334-16.538-3.821l-33.861 21.159c-5.62 3.512-7.33 10.915-3.818 16.536l27.564 44.112c13.257 21.211-2.057 48.96-27.136 48.96H320V336.02c0-14.213-17.242-21.383-27.313-11.313l-80 79.981c-6.249 6.248-6.249 16.379 0 22.627l80 79.989C302.689 517.308 320 510.3 320 495.989V448h95.88c75.274 0 121.335-82.997 81.408-146.88z\"><\/path><\/svg>\t\t\t\t\t\t\t\t<\/div>\n\t\t\t\t\t\t\t<\/div>\n\t\t\t\t\t\t\n\t\t\t\t\t\t\t\t\t\t\t\t\t<h3 class=\"elementor-flip-box__layer__title\">\n\t\t\t\t\t\t\t\tUmwelt\t\t\t\t\t\t\t<\/h3>\n\t\t\t\t\t\t\n\t\t\t\t\t\t\t\t\t\t\t\t\t<div class=\"elementor-flip-box__layer__description\">\n\t\t\t\t\t\t\t\tErfahren Sie, wie wir zu einem umweltfreundlichen Urlaub beitragen.\t\t\t\t\t\t\t<\/div>\n\t\t\t\t\t\t\t\t\t\t\t<\/div>\n\t\t\t\t<\/div>\n\t\t\t<\/div>\n\t\t\t<div class=\"elementor-flip-box__layer elementor-flip-box__back\">\n\t\t\t<div class=\"elementor-flip-box__layer__overlay\">\n\t\t\t\t<div class=\"elementor-flip-box__layer__inner\">\n\t\t\t\t\t\t\t\t\t\t\t<h3 class=\"elementor-flip-box__layer__title\">\n\t\t\t\t\t\t\tUmwelt\t\t\t\t\t\t<\/h3>\n\t\t\t\t\t\n\t\t\t\t\t\t\t\t\t\t\t<div class=\"elementor-flip-box__layer__description\">\n\t\t\t\t\t\t\tAuf Hof van Maldegem entscheiden wir uns bewusst f\u00fcr einen umweltfreundlichen Urlaub. Unsere Wohnungen sind gasfrei und werden ausschlie\u00dflich mit Solarenergie betrieben. So genie\u00dfen Sie Luxus, ohne den Planeten zu belasten.\t\t\t\t\t\t<\/div>\n\t\t\t\t\t\n\t\t\t\t\t\t\t\t<\/div>\n\t\t<\/div>\n\t\t<\/div>\n\t\t<\/div>\n\t\t\t\t<\/div>\n\t\t\t\t<\/div>\n\t\t\t\t<div class=\"elementor-element elementor-element-8e29337 elementor-flip-box--effect-flip elementor-flip-box--direction-up elementor-widget elementor-widget-flip-box\" data-id=\"8e29337\" data-element_type=\"widget\" data-widget_type=\"flip-box.default\">\n\t\t\t\t<div class=\"elementor-widget-container\">\n\t\t\t\t\t<div class=\"elementor-flip-box\" tabindex=\"0\">\n\t\t\t<div class=\"elementor-flip-box__layer elementor-flip-box__front\">\n\t\t\t\t<div class=\"elementor-flip-box__layer__overlay\">\n\t\t\t\t\t<div class=\"elementor-flip-box__layer__inner\">\n\t\t\t\t\t\t\t\t\t\t\t\t\t<div class=\"elementor-icon-wrapper elementor-view-default\">\n\t\t\t\t\t\t\t\t<div class=\"elementor-icon\">\n\t\t\t\t\t\t\t\t\t<svg class=\"e-font-icon-svg e-fas-couch\" viewbox=\"0 0 640 512\" xmlns=\"http:\/\/www.w3.org\/2000\/svg\"><path d=\"M160 224v64h320v-64c0-35.3 28.7-64 64-64h32c0-53-43-96-96-96H160c-53 0-96 43-96 96h32c35.3 0 64 28.7 64 64zm416-32h-32c-17.7 0-32 14.3-32 32v96H128v-96c0-17.7-14.3-32-32-32H64c-35.3 0-64 28.7-64 64 0 23.6 13 44 32 55.1V432c0 8.8 7.2 16 16 16h64c8.8 0 16-7.2 16-16v-16h384v16c0 8.8 7.2 16 16 16h64c8.8 0 16-7.2 16-16V311.1c19-11.1 32-31.5 32-55.1 0-35.3-28.7-64-64-64z\"><\/path><\/svg>\t\t\t\t\t\t\t\t<\/div>\n\t\t\t\t\t\t\t<\/div>\n\t\t\t\t\t\t\n\t\t\t\t\t\t\t\t\t\t\t\t\t<h3 class=\"elementor-flip-box__layer__title\">\n\t\t\t\t\t\t\t\tKomfort\t\t\t\t\t\t\t<\/h3>\n\t\t\t\t\t\t\n\t\t\t\t\t\t\t\t\t\t\t\t\t<div class=\"elementor-flip-box__layer__description\">\n\t\t\t\t\t\t\t\tEntdecken Sie den Komfort von Hof van Maldegem.\t\t\t\t\t\t\t<\/div>\n\t\t\t\t\t\t\t\t\t\t\t<\/div>\n\t\t\t\t<\/div>\n\t\t\t<\/div>\n\t\t\t<div class=\"elementor-flip-box__layer elementor-flip-box__back\">\n\t\t\t<div class=\"elementor-flip-box__layer__overlay\">\n\t\t\t\t<div class=\"elementor-flip-box__layer__inner\">\n\t\t\t\t\t\t\t\t\t\t\t<h3 class=\"elementor-flip-box__layer__title\">\n\t\t\t\t\t\t\tKomfort\t\t\t\t\t\t<\/h3>\n\t\t\t\t\t\n\t\t\t\t\t\t\t\t\t\t\t<div class=\"elementor-flip-box__layer__description\">\n\t\t\t\t\t\t\tJede Ferienwohnung bietet eine perfekte Mischung aus Luxus und Gem\u00fctlichkeit. Von einer voll ausgestatteten K\u00fcche \u00fcber eine Regendusche bis hin zu einer m\u00f6blierten Terrasse mit Aussicht - hier werden Sie sich wie zu Hause f\u00fchlen.\t\t\t\t\t\t<\/div>\n\t\t\t\t\t\n\t\t\t\t\t\t\t\t<\/div>\n\t\t<\/div>\n\t\t<\/div>\n\t\t<\/div>\n\t\t\t\t<\/div>\n\t\t\t\t<\/div>\n\t\t\t\t<div class=\"elementor-element elementor-element-c5674bd elementor-flip-box--effect-flip elementor-flip-box--direction-up elementor-widget elementor-widget-flip-box\" data-id=\"c5674bd\" data-element_type=\"widget\" data-widget_type=\"flip-box.default\">\n\t\t\t\t<div class=\"elementor-widget-container\">\n\t\t\t\t\t<div class=\"elementor-flip-box\" tabindex=\"0\">\n\t\t\t<div class=\"elementor-flip-box__layer elementor-flip-box__front\">\n\t\t\t\t<div class=\"elementor-flip-box__layer__overlay\">\n\t\t\t\t\t<div class=\"elementor-flip-box__layer__inner\">\n\t\t\t\t\t\t\t\t\t\t\t\t\t<div class=\"elementor-icon-wrapper elementor-view-default\">\n\t\t\t\t\t\t\t\t<div class=\"elementor-icon\">\n\t\t\t\t\t\t\t\t\t<svg class=\"e-font-icon-svg e-fab-canadian-maple-leaf\" viewbox=\"0 0 512 512\" xmlns=\"http:\/\/www.w3.org\/2000\/svg\"><path d=\"M383.8 351.7c2.5-2.5 105.2-92.4 105.2-92.4l-17.5-7.5c-10-4.9-7.4-11.5-5-17.4 2.4-7.6 20.1-67.3 20.1-67.3s-47.7 10-57.7 12.5c-7.5 2.4-10-2.5-12.5-7.5s-15-32.4-15-32.4-52.6 59.9-55.1 62.3c-10 7.5-20.1 0-17.6-10 0-10 27.6-129.6 27.6-129.6s-30.1 17.4-40.1 22.4c-7.5 5-12.6 5-17.6-5C293.5 72.3 255.9 0 255.9 0s-37.5 72.3-42.5 79.8c-5 10-10 10-17.6 5-10-5-40.1-22.4-40.1-22.4S183.3 182 183.3 192c2.5 10-7.5 17.5-17.6 10-2.5-2.5-55.1-62.3-55.1-62.3S98.1 167 95.6 172s-5 9.9-12.5 7.5C73 177 25.4 167 25.4 167s17.6 59.7 20.1 67.3c2.4 6 5 12.5-5 17.4L23 259.3s102.6 89.9 105.2 92.4c5.1 5 10 7.5 5.1 22.5-5.1 15-10.1 35.1-10.1 35.1s95.2-20.1 105.3-22.6c8.7-.9 18.3 2.5 18.3 12.5S241 512 241 512h30s-5.8-102.7-5.8-112.8 9.5-13.4 18.4-12.5c10 2.5 105.2 22.6 105.2 22.6s-5-20.1-10-35.1 0-17.5 5-22.5z\"><\/path><\/svg>\t\t\t\t\t\t\t\t<\/div>\n\t\t\t\t\t\t\t<\/div>\n\t\t\t\t\t\t\n\t\t\t\t\t\t\t\t\t\t\t\t\t<h3 class=\"elementor-flip-box__layer__title\">\n\t\t\t\t\t\t\t\tNatur\t\t\t\t\t\t\t<\/h3>\n\t\t\t\t\t\t\n\t\t\t\t\t\t\t\t\t\t\t\t\t<div class=\"elementor-flip-box__layer__description\">\n\t\t\t\t\t\t\t\tErfahren Sie mehr \u00fcber die sch\u00f6ne Natur rund um die Unterkunft.\t\t\t\t\t\t\t<\/div>\n\t\t\t\t\t\t\t\t\t\t\t<\/div>\n\t\t\t\t<\/div>\n\t\t\t<\/div>\n\t\t\t<div class=\"elementor-flip-box__layer elementor-flip-box__back\">\n\t\t\t<div class=\"elementor-flip-box__layer__overlay\">\n\t\t\t\t<div class=\"elementor-flip-box__layer__inner\">\n\t\t\t\t\t\t\t\t\t\t\t<h3 class=\"elementor-flip-box__layer__title\">\n\t\t\t\t\t\t\tNatur\t\t\t\t\t\t<\/h3>\n\t\t\t\t\t\n\t\t\t\t\t\t\t\t\t\t\t<div class=\"elementor-flip-box__layer__description\">\n\t\t\t\t\t\t\tUmgeben von gr\u00fcnen Wiesen, Alpakas und in der N\u00e4he von dem 'Veerse Meer' genie\u00dfen Sie bei uns Ruhe und Erholung. Entspannen Sie sich und entdecken Sie die Natur von ihrer besten Seite!\t\t\t\t\t\t<\/div>\n\t\t\t\t\t\n\t\t\t\t\t\t\t\t<\/div>\n\t\t<\/div>\n\t\t<\/div>\n\t\t<\/div>\n\t\t\t\t<\/div>\n\t\t\t\t<\/div>\n\t\t\t\t<\/div>\n\t\t\t\t\t<\/div>\n\t\t\t\t<\/div>\n\t\t<div class=\"elementor-element elementor-element-527b7ef elementor-hidden-desktop elementor-hidden-tablet e-flex e-con-boxed e-con e-parent\" data-id=\"527b7ef\" data-element_type=\"container\">\n\t\t\t\t\t<div class=\"e-con-inner\">\n\t\t\t\t<div class=\"elementor-element elementor-element-cb7fe8c elementor-widget elementor-widget-heading\" data-id=\"cb7fe8c\" data-element_type=\"widget\" data-widget_type=\"heading.default\">\n\t\t\t\t<div class=\"elementor-widget-container\">\n\t\t\t<h2 class=\"elementor-heading-title elementor-size-default\">Hans &amp; Hanni<\/h2>\t\t<\/div>\n\t\t\t\t<\/div>\n\t\t\t\t<div class=\"elementor-element elementor-element-f003e38 elementor-widget elementor-widget-text-editor\" data-id=\"f003e38\" data-element_type=\"widget\" data-widget_type=\"text-editor.default\">\n\t\t\t\t<div class=\"elementor-widget-container\">\n\t\t\t\t\t\t\t<p>Willkommen auf Hof van Maldegem! Wir, Hans und Hanni van Maldegem, sind die stolzen Besitzer dieser neuen Ferienwohnungen in Kortgene.<\/p><p>\u00a0<\/p><p>Was einst als kleiner Bauernhof begann, hat sich zu einem gr\u00f6\u00dferen Betrieb mit Ackerbau und einer G\u00e4rtnerei mit Gartencenter und Tierladen entwickelt. Nach Jahren Freude an der Arbeit in den Gew\u00e4chsh\u00e4usern und auf den Feldern haben wir uns einen neuen Traum erf\u00fcllt: G\u00e4ste in unseren eigenen Ferienwohnungen zu empfangen.<\/p><p>Wir haben eine der Scheunen zu Wohnungen umgebaut, in denen wir den authentischen Charakter des Bauernhauses mit allen modernen Einrichtungen von heute verbinden.<\/p><p>\u00a0<\/p><p>Auf dem Hof van Maldegem bieten wir eine Oase der Ruhe, des Luxus und der Weite - so wie wir es in dieser sch\u00f6nen Gegend schon immer erlebt haben.<\/p><p>\u00a0<\/p><p>Wir k\u00f6nnen es kaum erwarten, Sie hier willkommen zu hei\u00dfen.<\/p>\t\t\t\t\t\t<\/div>\n\t\t\t\t<\/div>\n\t\t\t\t<div class=\"elementor-element elementor-element-57e0abd elementor-widget elementor-widget-image\" data-id=\"57e0abd\" data-element_type=\"widget\" data-widget_type=\"image.default\">\n\t\t\t\t<div class=\"elementor-widget-container\">\n\t\t\t\t\t\t\t\t\t\t\t\t\t<img fetchpriority=\"high\" decoding=\"async\" width=\"768\" height=\"685\" src=\"https:\/\/hofvanmaldegem.nl\/wp-content\/uploads\/2024\/10\/WhatsApp-Image-2024-10-05-at-12.46.39-1-768x685.jpeg\" class=\"attachment-medium_large size-medium_large wp-image-1031\" alt=\"\" srcset=\"https:\/\/hofvanmaldegem.nl\/wp-content\/uploads\/2024\/10\/WhatsApp-Image-2024-10-05-at-12.46.39-1-768x685.jpeg 768w, https:\/\/hofvanmaldegem.nl\/wp-content\/uploads\/2024\/10\/WhatsApp-Image-2024-10-05-at-12.46.39-1-300x268.jpeg 300w, https:\/\/hofvanmaldegem.nl\/wp-content\/uploads\/2024\/10\/WhatsApp-Image-2024-10-05-at-12.46.39-1-1024x913.jpeg 1024w, https:\/\/hofvanmaldegem.nl\/wp-content\/uploads\/2024\/10\/WhatsApp-Image-2024-10-05-at-12.46.39-1.jpeg 1200w\" sizes=\"(max-width: 768px) 100vw, 768px\" \/>\t\t\t\t\t\t\t\t\t\t\t\t\t<\/div>\n\t\t\t\t<\/div>\n\t\t\t\t<div class=\"elementor-element elementor-element-5b7f0e6 elementor-widget elementor-widget-heading\" data-id=\"5b7f0e6\" data-element_type=\"widget\" data-widget_type=\"heading.default\">\n\t\t\t\t<div class=\"elementor-widget-container\">\n\t\t\t<h2 class=\"elementor-heading-title elementor-size-default\">Ihr Zuhause<\/h2>\t\t<\/div>\n\t\t\t\t<\/div>\n\t\t\t\t<div class=\"elementor-element elementor-element-cf59574 elementor-widget elementor-widget-text-editor\" data-id=\"cf59574\" data-element_type=\"widget\" data-widget_type=\"text-editor.default\">\n\t\t\t\t<div class=\"elementor-widget-container\">\n\t\t\t\t\t\t\t<p>Auf Hof van Maldegem m\u00f6chten wir, dass Sie sich wie zu Hause f\u00fchlen. Unsere Ferienwohnungen sind mit einem Auge f\u00fcr Komfort und Gem\u00fctlichkeit entworfen, so dass Sie Luxus genie\u00dfen und gleichzeitig die warme Atmosph\u00e4re von zu Hause erleben k\u00f6nnen. Vom ersten Schritt im Haus bis zum Entspannen auf der Terrasse ist alles auf Ihren Komfort und Ihre Entspannung ausgerichtet.<\/p>\t\t\t\t\t\t<\/div>\n\t\t\t\t<\/div>\n\t\t\t\t<div class=\"elementor-element elementor-element-8796b19 elementor-widget elementor-widget-image\" data-id=\"8796b19\" data-element_type=\"widget\" data-widget_type=\"image.default\">\n\t\t\t\t<div class=\"elementor-widget-container\">\n\t\t\t\t\t\t\t\t\t\t\t\t\t<img decoding=\"async\" width=\"800\" height=\"534\" src=\"https:\/\/hofvanmaldegem.nl\/wp-content\/uploads\/2024\/09\/Achterste-huisje-9-1024x683.jpg\" class=\"attachment-large size-large wp-image-140\" alt=\"\" srcset=\"https:\/\/hofvanmaldegem.nl\/wp-content\/uploads\/2024\/09\/Achterste-huisje-9-1024x683.jpg 1024w, https:\/\/hofvanmaldegem.nl\/wp-content\/uploads\/2024\/09\/Achterste-huisje-9-300x200.jpg 300w, https:\/\/hofvanmaldegem.nl\/wp-content\/uploads\/2024\/09\/Achterste-huisje-9-768x512.jpg 768w, https:\/\/hofvanmaldegem.nl\/wp-content\/uploads\/2024\/09\/Achterste-huisje-9-1536x1025.jpg 1536w, https:\/\/hofvanmaldegem.nl\/wp-content\/uploads\/2024\/09\/Achterste-huisje-9.jpg 1799w\" sizes=\"(max-width: 800px) 100vw, 800px\" \/>\t\t\t\t\t\t\t\t\t\t\t\t\t<\/div>\n\t\t\t\t<\/div>\n\t\t\t\t<div class=\"elementor-element elementor-element-380f574 elementor-widget elementor-widget-heading\" data-id=\"380f574\" data-element_type=\"widget\" data-widget_type=\"heading.default\">\n\t\t\t\t<div class=\"elementor-widget-container\">\n\t\t\t<h2 class=\"elementor-heading-title elementor-size-default\">Unsere Geschichte<span style=\"color: var( --e-global-color-secondary );font-family: var( --e-global-typography-primary-font-family ), Sans-serif;font-size: var( --e-global-typography-primary-font-size );font-weight: var( --e-global-typography-primary-font-weight );text-align: var(--text-align)\"><\/span><\/h2>\t\t<\/div>\n\t\t\t\t<\/div>\n\t\t\t\t<div class=\"elementor-element elementor-element-323cac7 elementor-widget elementor-widget-text-editor\" data-id=\"323cac7\" data-element_type=\"widget\" data-widget_type=\"text-editor.default\">\n\t\t\t\t<div class=\"elementor-widget-container\">\n\t\t\t\t\t\t\t<p>Das ehemalige Bauernhaus wurde liebevoll renoviert, um unseren G\u00e4sten einen unvergesslichen Urlaub zu bieten. Die Scheune wurde in drei moderne Ferienwohnungen umgewandelt, in denen der l\u00e4ndliche Charakter erhalten geblieben ist, aber mit einem modernen Touch versehen wurde. Unsere Leidenschaft f\u00fcr Gastfreundschaft und Natur kommt hier zusammen.<\/p>\t\t\t\t\t\t<\/div>\n\t\t\t\t<\/div>\n\t\t\t\t<div class=\"elementor-element elementor-element-85cc7be elementor-widget elementor-widget-image\" data-id=\"85cc7be\" data-element_type=\"widget\" data-widget_type=\"image.default\">\n\t\t\t\t<div class=\"elementor-widget-container\">\n\t\t\t\t\t\t\t\t\t\t\t\t\t<img decoding=\"async\" width=\"800\" height=\"534\" src=\"https:\/\/hofvanmaldegem.nl\/wp-content\/uploads\/2024\/09\/Achterste-huisje-18-1024x683.jpg\" class=\"attachment-large size-large wp-image-149\" alt=\"\" srcset=\"https:\/\/hofvanmaldegem.nl\/wp-content\/uploads\/2024\/09\/Achterste-huisje-18-1024x683.jpg 1024w, https:\/\/hofvanmaldegem.nl\/wp-content\/uploads\/2024\/09\/Achterste-huisje-18-300x200.jpg 300w, https:\/\/hofvanmaldegem.nl\/wp-content\/uploads\/2024\/09\/Achterste-huisje-18-768x512.jpg 768w, https:\/\/hofvanmaldegem.nl\/wp-content\/uploads\/2024\/09\/Achterste-huisje-18-1536x1025.jpg 1536w, https:\/\/hofvanmaldegem.nl\/wp-content\/uploads\/2024\/09\/Achterste-huisje-18.jpg 1799w\" sizes=\"(max-width: 800px) 100vw, 800px\" \/>\t\t\t\t\t\t\t\t\t\t\t\t\t<\/div>\n\t\t\t\t<\/div>\n\t\t\t\t<div class=\"elementor-element elementor-element-fb04cd6 elementor-widget elementor-widget-heading\" data-id=\"fb04cd6\" data-element_type=\"widget\" data-widget_type=\"heading.default\">\n\t\t\t\t<div class=\"elementor-widget-container\">\n\t\t\t<h2 class=\"elementor-heading-title elementor-size-default\">Umweltfreundlicher Urlaub<span style=\"color: var( --e-global-color-secondary );font-family: var( --e-global-typography-primary-font-family ), Sans-serif;font-size: var( --e-global-typography-primary-font-size );font-weight: var( --e-global-typography-primary-font-weight );text-align: var(--text-align)\"><\/span><\/h2>\t\t<\/div>\n\t\t\t\t<\/div>\n\t\t\t\t<div class=\"elementor-element elementor-element-a98e9fa elementor-widget elementor-widget-text-editor\" data-id=\"a98e9fa\" data-element_type=\"widget\" data-widget_type=\"text-editor.default\">\n\t\t\t\t<div class=\"elementor-widget-container\">\n\t\t\t\t\t\t\t<p>Umweltfreundlichkeit ist ein wichtiger Teil unserer Vision. Unsere Ferienwohnungen sind v\u00f6llig gasfrei und werden mit Solarenergie betrieben, die in einer Wasserbatterie gespeichert wird. So genie\u00dfen Sie Komfort und leisten gleichzeitig einen Beitrag zu einer besseren Umwelt.<\/p>\t\t\t\t\t\t<\/div>\n\t\t\t\t<\/div>\n\t\t\t\t<div class=\"elementor-element elementor-element-b4b5883 elementor-widget elementor-widget-image\" data-id=\"b4b5883\" data-element_type=\"widget\" data-widget_type=\"image.default\">\n\t\t\t\t<div class=\"elementor-widget-container\">\n\t\t\t\t\t\t\t\t\t\t\t\t\t<img loading=\"lazy\" decoding=\"async\" width=\"800\" height=\"534\" src=\"https:\/\/hofvanmaldegem.nl\/wp-content\/uploads\/2024\/09\/Middelste-huisje-8-1024x683.jpg\" class=\"attachment-large size-large wp-image-174\" alt=\"\" srcset=\"https:\/\/hofvanmaldegem.nl\/wp-content\/uploads\/2024\/09\/Middelste-huisje-8-1024x683.jpg 1024w, https:\/\/hofvanmaldegem.nl\/wp-content\/uploads\/2024\/09\/Middelste-huisje-8-300x200.jpg 300w, https:\/\/hofvanmaldegem.nl\/wp-content\/uploads\/2024\/09\/Middelste-huisje-8-768x512.jpg 768w, https:\/\/hofvanmaldegem.nl\/wp-content\/uploads\/2024\/09\/Middelste-huisje-8-1536x1025.jpg 1536w, https:\/\/hofvanmaldegem.nl\/wp-content\/uploads\/2024\/09\/Middelste-huisje-8.jpg 1799w\" sizes=\"(max-width: 800px) 100vw, 800px\" \/>\t\t\t\t\t\t\t\t\t\t\t\t\t<\/div>\n\t\t\t\t<\/div>\n\t\t\t\t<div class=\"elementor-element elementor-element-6cd3132 elementor-widget elementor-widget-heading\" data-id=\"6cd3132\" data-element_type=\"widget\" data-widget_type=\"heading.default\">\n\t\t\t\t<div class=\"elementor-widget-container\">\n\t\t\t<h2 class=\"elementor-heading-title elementor-size-default\">Was k\u00f6nnen Sie erwarten?<\/h2>\t\t<\/div>\n\t\t\t\t<\/div>\n\t\t\t\t<div class=\"elementor-element elementor-element-8d7c8ed elementor-widget elementor-widget-text-editor\" data-id=\"8d7c8ed\" data-element_type=\"widget\" data-widget_type=\"text-editor.default\">\n\t\t\t\t<div class=\"elementor-widget-container\">\n\t\t\t\t\t\t\t<p>Auf dem Hof van Maldegem sind wir bereit, Ihren Aufenthalt unvergesslich zu machen. Egal, ob Sie sich entspannen, die Natur erkunden oder aktiv sein m\u00f6chten, wir sorgen f\u00fcr ein unbeschwertes Erlebnis. Unser Ziel ist es, dass Sie sich wie zu Hause f\u00fchlen, damit Sie mit sch\u00f6nen Erinnerungen nach Hause gehen.<\/p>\t\t\t\t\t\t<\/div>\n\t\t\t\t<\/div>\n\t\t\t\t<div class=\"elementor-element elementor-element-fa79595 elementor-widget elementor-widget-image\" data-id=\"fa79595\" data-element_type=\"widget\" data-widget_type=\"image.default\">\n\t\t\t\t<div class=\"elementor-widget-container\">\n\t\t\t\t\t\t\t\t\t\t\t\t\t<img loading=\"lazy\" decoding=\"async\" width=\"800\" height=\"534\" src=\"https:\/\/hofvanmaldegem.nl\/wp-content\/uploads\/2024\/09\/Eerste-huisje-11-1024x683.jpg\" class=\"attachment-large size-large wp-image-161\" alt=\"\" srcset=\"https:\/\/hofvanmaldegem.nl\/wp-content\/uploads\/2024\/09\/Eerste-huisje-11-1024x683.jpg 1024w, https:\/\/hofvanmaldegem.nl\/wp-content\/uploads\/2024\/09\/Eerste-huisje-11-300x200.jpg 300w, https:\/\/hofvanmaldegem.nl\/wp-content\/uploads\/2024\/09\/Eerste-huisje-11-768x512.jpg 768w, https:\/\/hofvanmaldegem.nl\/wp-content\/uploads\/2024\/09\/Eerste-huisje-11-1536x1025.jpg 1536w, https:\/\/hofvanmaldegem.nl\/wp-content\/uploads\/2024\/09\/Eerste-huisje-11.jpg 1799w\" sizes=\"(max-width: 800px) 100vw, 800px\" \/>\t\t\t\t\t\t\t\t\t\t\t\t\t<\/div>\n\t\t\t\t<\/div>\n\t\t\t\t<div class=\"elementor-element elementor-element-8003d12 elementor-widget elementor-widget-heading\" data-id=\"8003d12\" data-element_type=\"widget\" data-widget_type=\"heading.default\">\n\t\t\t\t<div class=\"elementor-widget-container\">\n\t\t\t<h2 class=\"elementor-heading-title elementor-size-default\">Gesprochene Sprachen<\/h2>\t\t<\/div>\n\t\t\t\t<\/div>\n\t\t\t\t<div class=\"elementor-element elementor-element-d97d118 elementor-widget elementor-widget-text-editor\" data-id=\"d97d118\" data-element_type=\"widget\" data-widget_type=\"text-editor.default\">\n\t\t\t\t<div class=\"elementor-widget-container\">\n\t\t\t\t\t\t\t<p>Wir sprechen Niederl\u00e4ndisch, Englisch, Deutsch, Franz\u00f6sisch, Italienisch und Schweizerdeutsch, so dass wir Sie in Ihrer eigenen Sprache begr\u00fc\u00dfen k\u00f6nnen.<\/p>\t\t\t\t\t\t<\/div>\n\t\t\t\t<\/div>\n\t\t\t\t<div class=\"elementor-element elementor-element-a199da2 elementor-widget elementor-widget-image\" data-id=\"a199da2\" data-element_type=\"widget\" data-widget_type=\"image.default\">\n\t\t\t\t<div class=\"elementor-widget-container\">\n\t\t\t\t\t\t\t\t\t\t\t\t\t<img loading=\"lazy\" decoding=\"async\" width=\"800\" height=\"534\" src=\"https:\/\/hofvanmaldegem.nl\/wp-content\/uploads\/2024\/09\/Achterste-huisje-14-1024x683.jpg\" class=\"attachment-large size-large wp-image-145\" alt=\"\" srcset=\"https:\/\/hofvanmaldegem.nl\/wp-content\/uploads\/2024\/09\/Achterste-huisje-14-1024x683.jpg 1024w, https:\/\/hofvanmaldegem.nl\/wp-content\/uploads\/2024\/09\/Achterste-huisje-14-300x200.jpg 300w, https:\/\/hofvanmaldegem.nl\/wp-content\/uploads\/2024\/09\/Achterste-huisje-14-768x512.jpg 768w, https:\/\/hofvanmaldegem.nl\/wp-content\/uploads\/2024\/09\/Achterste-huisje-14-1536x1025.jpg 1536w, https:\/\/hofvanmaldegem.nl\/wp-content\/uploads\/2024\/09\/Achterste-huisje-14.jpg 1799w\" sizes=\"(max-width: 800px) 100vw, 800px\" \/>\t\t\t\t\t\t\t\t\t\t\t\t\t<\/div>\n\t\t\t\t<\/div>\n\t\t\t\t\t<\/div>\n\t\t\t\t<\/div>\n\t\t\t\t<\/div>","protected":false},"excerpt":{"rendered":"<p>Over ons Welkom bij Hof van Maldegem Hof van Maldegem is een unieke vakantiebestemming gelegen in het prachtige Zeeland, op loopafstand van het Veerse Meer en dichtbij het Noordzeestrand. Wat ooit begon als een traditioneel boerenbedrijf, is nu omgetoverd tot drie luxe vakantiewoningen met een focus op comfort, duurzaamheid en een heerlijke vakantiebeleving. Hans &amp; [&hellip;]<\/p>","protected":false},"author":1,"featured_media":0,"parent":0,"menu_order":0,"comment_status":"closed","ping_status":"closed","template":"","meta":{"footnotes":""},"class_list":["post-22","page","type-page","status-publish","hentry"],"_links":{"self":[{"href":"https:\/\/hofvanmaldegem.nl\/de\/wp-json\/wp\/v2\/pages\/22"}],"collection":[{"href":"https:\/\/hofvanmaldegem.nl\/de\/wp-json\/wp\/v2\/pages"}],"about":[{"href":"https:\/\/hofvanmaldegem.nl\/de\/wp-json\/wp\/v2\/types\/page"}],"author":[{"embeddable":true,"href":"https:\/\/hofvanmaldegem.nl\/de\/wp-json\/wp\/v2\/users\/1"}],"replies":[{"embeddable":true,"href":"https:\/\/hofvanmaldegem.nl\/de\/wp-json\/wp\/v2\/comments?post=22"}],"version-history":[{"count":43,"href":"https:\/\/hofvanmaldegem.nl\/de\/wp-json\/wp\/v2\/pages\/22\/revisions"}],"predecessor-version":[{"id":1181,"href":"https:\/\/hofvanmaldegem.nl\/de\/wp-json\/wp\/v2\/pages\/22\/revisions\/1181"}],"wp:attachment":[{"href":"https:\/\/hofvanmaldegem.nl\/de\/wp-json\/wp\/v2\/media?parent=22"}],"curies":[{"name":"wp","href":"https:\/\/api.w.org\/{rel}","templated":true}]}}